{"id":14412,"date":"2023-02-19T15:25:20","date_gmt":"2023-02-19T14:25:20","guid":{"rendered":"https:\/\/www.accent-social.cat\/wp-content\/uploads\/2023\/02\/Llibre-de-receptes-Assaborint-Records-Saboreando-Recuerdos-en-SAD-Sabadell.jpg"},"modified":"2023-02-19T16:32:56","modified_gmt":"2023-02-19T15:32:56","slug":"llibre-de-receptes-assaborint-records-saboreando-recuerdos-en-sad-sabadell-2","status":"inherit","type":"attachment","link":"https:\/\/www.accent-social.cat\/es\/libro-recetas-assaborint-records-personas-mayores-sad-sabadell\/llibre-de-receptes-assaborint-records-saboreando-recuerdos-en-sad-sabadell-2\/","title":{"rendered":"Llibre de receptes Assaborint Records Saboreando Recuerdos en SAD Sabadell"},"author":1,"featured_media":0,"comment_status":"closed","ping_status":"closed","template":"","meta":[],"class_list":["post-14412","attachment","type-attachment","status-inherit","hentry"],"yoast_head":"<!-- This site is optimized with the Yoast SEO plugin v27.5 - https:\/\/yoast.com\/product\/yoast-seo-wordpress\/ -->\n<title>Llibre de receptes Assaborint Records Saboreando Recuerdos en SAD Sabadell | Accent Social | Serveis d&#039;Atenci\u00f3 Domicili\u00e0ria i centres per gent gran<\/title>\n<meta name=\"robots\" content=\"index, follow, max-snippet:-1, max-image-preview:large, max-video-preview:-1\" \/>\n<link rel=\"canonical\" href=\"https:\/\/www.accent-social.cat\/wp-content\/uploads\/2023\/02\/Llibre-de-receptes-Assaborint-Records-Saboreando-Recuerdos-en-SAD-Sabadell.jpg\" \/>\n<meta property=\"og:locale\" content=\"es_ES\" \/>\n<meta property=\"og:type\" content=\"article\" \/>\n<meta property=\"og:title\" content=\"Llibre de receptes Assaborint Records Saboreando Recuerdos en SAD Sabadell | Accent Social | Serveis d&#039;Atenci\u00f3 Domicili\u00e0ria i centres per gent gran\" \/>\n<meta property=\"og:description\" content=\"Llibre de receptes Assaborint Records Saboreando Recuerdos en SAD Sabadell\" \/>\n<meta property=\"og:url\" content=\"https:\/\/www.accent-social.cat\/wp-content\/uploads\/2023\/02\/Llibre-de-receptes-Assaborint-Records-Saboreando-Recuerdos-en-SAD-Sabadell.jpg\" \/>\n<meta property=\"og:site_name\" content=\"Accent Social | Serveis d&#039;Atenci\u00f3 Domicili\u00e0ria i centres per gent gran\" \/>\n<meta property=\"article:publisher\" content=\"https:\/\/www.facebook.com\/accentsocial\" \/>\n<meta property=\"article:modified_time\" content=\"2023-02-19T15:32:56+00:00\" \/>\n<meta property=\"og:image\" content=\"https:\/\/www.accent-social.cat\/wp-content\/uploads\/2023\/02\/Llibre-de-receptes-Assaborint-Records-Saboreando-Recuerdos-en-SAD-Sabadell.jpg\" \/>\n\t<meta property=\"og:image:width\" content=\"1000\" \/>\n\t<meta property=\"og:image:height\" content=\"691\" \/>\n\t<meta property=\"og:image:type\" content=\"image\/jpeg\" \/>\n<meta name=\"twitter:card\" content=\"summary_large_image\" \/>\n<meta name=\"twitter:site\" content=\"@accentsocial_\" \/>\n<script type=\"application\/ld+json\" class=\"yoast-schema-graph\">{\"@context\":\"https:\\\/\\\/schema.org\",\"@graph\":[{\"@type\":\"WebPage\",\"@id\":\"https:\\\/\\\/www.accent-social.cat\\\/wp-content\\\/uploads\\\/2023\\\/02\\\/Llibre-de-receptes-Assaborint-Records-Saboreando-Recuerdos-en-SAD-Sabadell.jpg\",\"url\":\"https:\\\/\\\/www.accent-social.cat\\\/wp-content\\\/uploads\\\/2023\\\/02\\\/Llibre-de-receptes-Assaborint-Records-Saboreando-Recuerdos-en-SAD-Sabadell.jpg\",\"name\":\"Llibre de receptes Assaborint Records Saboreando Recuerdos en SAD Sabadell | Accent Social | Serveis d&#039;Atenci\u00f3 Domicili\u00e0ria i centres per gent gran\",\"isPartOf\":{\"@id\":\"https:\\\/\\\/www.accent-social.cat\\\/#website\"},\"datePublished\":\"2023-02-19T14:25:20+00:00\",\"dateModified\":\"2023-02-19T15:32:56+00:00\",\"breadcrumb\":{\"@id\":\"https:\\\/\\\/www.accent-social.cat\\\/wp-content\\\/uploads\\\/2023\\\/02\\\/Llibre-de-receptes-Assaborint-Records-Saboreando-Recuerdos-en-SAD-Sabadell.jpg#breadcrumb\"},\"inLanguage\":\"es\",\"potentialAction\":[{\"@type\":\"ReadAction\",\"target\":[\"https:\\\/\\\/www.accent-social.cat\\\/wp-content\\\/uploads\\\/2023\\\/02\\\/Llibre-de-receptes-Assaborint-Records-Saboreando-Recuerdos-en-SAD-Sabadell.jpg\"]}]},{\"@type\":\"BreadcrumbList\",\"@id\":\"https:\\\/\\\/www.accent-social.cat\\\/wp-content\\\/uploads\\\/2023\\\/02\\\/Llibre-de-receptes-Assaborint-Records-Saboreando-Recuerdos-en-SAD-Sabadell.jpg#breadcrumb\",\"itemListElement\":[{\"@type\":\"ListItem\",\"position\":1,\"name\":\"Inici\",\"item\":\"https:\\\/\\\/www.accent-social.cat\\\/es\\\/\"},{\"@type\":\"ListItem\",\"position\":2,\"name\":\"Libro de recetas &#8220;Assaborint records&#8221;, elaborado por mayores del SAD Sabadell\",\"item\":\"https:\\\/\\\/www.accent-social.cat\\\/es\\\/libro-recetas-assaborint-records-personas-mayores-sad-sabadell\\\/\"},{\"@type\":\"ListItem\",\"position\":3,\"name\":\"Llibre de receptes Assaborint Records Saboreando Recuerdos en SAD Sabadell\"}]},{\"@type\":\"WebSite\",\"@id\":\"https:\\\/\\\/www.accent-social.cat\\\/#website\",\"url\":\"https:\\\/\\\/www.accent-social.cat\\\/\",\"name\":\"Accent Social | Serveis d'Atenci\u00f3 Domicili\u00e0ria (SAD) i centres col\u00b7lectius\",\"description\":\"Serveis d&#039;Atenci\u00f3 Domicili\u00e0ria i centres de dia a Barcelona. Gesti\u00f3 de serveis socials i per a la gent gran.\",\"publisher\":{\"@id\":\"https:\\\/\\\/www.accent-social.cat\\\/#organization\"},\"potentialAction\":[{\"@type\":\"SearchAction\",\"target\":{\"@type\":\"EntryPoint\",\"urlTemplate\":\"https:\\\/\\\/www.accent-social.cat\\\/?s={search_term_string}\"},\"query-input\":{\"@type\":\"PropertyValueSpecification\",\"valueRequired\":true,\"valueName\":\"search_term_string\"}}],\"inLanguage\":\"es\"},{\"@type\":\"Organization\",\"@id\":\"https:\\\/\\\/www.accent-social.cat\\\/#organization\",\"name\":\"Accent Social\",\"url\":\"https:\\\/\\\/www.accent-social.cat\\\/\",\"logo\":{\"@type\":\"ImageObject\",\"inLanguage\":\"es\",\"@id\":\"https:\\\/\\\/www.accent-social.cat\\\/#\\\/schema\\\/logo\\\/image\\\/\",\"url\":\"https:\\\/\\\/www.accent-social.cat\\\/wp-content\\\/uploads\\\/2017\\\/09\\\/Logo-Accent-Social.jpg\",\"contentUrl\":\"https:\\\/\\\/www.accent-social.cat\\\/wp-content\\\/uploads\\\/2017\\\/09\\\/Logo-Accent-Social.jpg\",\"width\":512,\"height\":512,\"caption\":\"Accent Social\"},\"image\":{\"@id\":\"https:\\\/\\\/www.accent-social.cat\\\/#\\\/schema\\\/logo\\\/image\\\/\"},\"sameAs\":[\"https:\\\/\\\/www.facebook.com\\\/accentsocial\",\"https:\\\/\\\/x.com\\\/accentsocial_\",\"http:\\\/\\\/www.instagram.com\\\/accentsocial\",\"https:\\\/\\\/www.linkedin.com\\\/company\\\/accent-social\\\/\",\"https:\\\/\\\/www.crunchbase.com\\\/organization\\\/accent-social\",\"https:\\\/\\\/www.hotfrog.es\\\/empresa\\\/barcelona\\\/barcelona\\\/accent-social\",\"https:\\\/\\\/www.youtube.com\\\/channel\\\/UCBRsmX50gP0nPuAb5rPfr2g\"]}]}<\/script>\n<!-- \/ Yoast SEO plugin. -->","yoast_head_json":{"title":"Llibre de receptes Assaborint Records Saboreando Recuerdos en SAD Sabadell | Accent Social | Serveis d&#039;Atenci\u00f3 Domicili\u00e0ria i centres per gent gran","robots":{"index":"index","follow":"follow","max-snippet":"max-snippet:-1","max-image-preview":"max-image-preview:large","max-video-preview":"max-video-preview:-1"},"canonical":"https:\/\/www.accent-social.cat\/wp-content\/uploads\/2023\/02\/Llibre-de-receptes-Assaborint-Records-Saboreando-Recuerdos-en-SAD-Sabadell.jpg","og_locale":"es_ES","og_type":"article","og_title":"Llibre de receptes Assaborint Records Saboreando Recuerdos en SAD Sabadell | Accent Social | Serveis d&#039;Atenci\u00f3 Domicili\u00e0ria i centres per gent gran","og_description":"Llibre de receptes Assaborint Records Saboreando Recuerdos en SAD Sabadell","og_url":"https:\/\/www.accent-social.cat\/wp-content\/uploads\/2023\/02\/Llibre-de-receptes-Assaborint-Records-Saboreando-Recuerdos-en-SAD-Sabadell.jpg","og_site_name":"Accent Social | Serveis d&#039;Atenci\u00f3 Domicili\u00e0ria i centres per gent gran","article_publisher":"https:\/\/www.facebook.com\/accentsocial","article_modified_time":"2023-02-19T15:32:56+00:00","og_image":[{"width":1000,"height":691,"url":"https:\/\/www.accent-social.cat\/wp-content\/uploads\/2023\/02\/Llibre-de-receptes-Assaborint-Records-Saboreando-Recuerdos-en-SAD-Sabadell.jpg","type":"image\/jpeg"}],"twitter_card":"summary_large_image","twitter_site":"@accentsocial_","schema":{"@context":"https:\/\/schema.org","@graph":[{"@type":"WebPage","@id":"https:\/\/www.accent-social.cat\/wp-content\/uploads\/2023\/02\/Llibre-de-receptes-Assaborint-Records-Saboreando-Recuerdos-en-SAD-Sabadell.jpg","url":"https:\/\/www.accent-social.cat\/wp-content\/uploads\/2023\/02\/Llibre-de-receptes-Assaborint-Records-Saboreando-Recuerdos-en-SAD-Sabadell.jpg","name":"Llibre de receptes Assaborint Records Saboreando Recuerdos en SAD Sabadell | Accent Social | Serveis d&#039;Atenci\u00f3 Domicili\u00e0ria i centres per gent gran","isPartOf":{"@id":"https:\/\/www.accent-social.cat\/#website"},"datePublished":"2023-02-19T14:25:20+00:00","dateModified":"2023-02-19T15:32:56+00:00","breadcrumb":{"@id":"https:\/\/www.accent-social.cat\/wp-content\/uploads\/2023\/02\/Llibre-de-receptes-Assaborint-Records-Saboreando-Recuerdos-en-SAD-Sabadell.jpg#breadcrumb"},"inLanguage":"es","potentialAction":[{"@type":"ReadAction","target":["https:\/\/www.accent-social.cat\/wp-content\/uploads\/2023\/02\/Llibre-de-receptes-Assaborint-Records-Saboreando-Recuerdos-en-SAD-Sabadell.jpg"]}]},{"@type":"BreadcrumbList","@id":"https:\/\/www.accent-social.cat\/wp-content\/uploads\/2023\/02\/Llibre-de-receptes-Assaborint-Records-Saboreando-Recuerdos-en-SAD-Sabadell.jpg#breadcrumb","itemListElement":[{"@type":"ListItem","position":1,"name":"Inici","item":"https:\/\/www.accent-social.cat\/es\/"},{"@type":"ListItem","position":2,"name":"Libro de recetas &#8220;Assaborint records&#8221;, elaborado por mayores del SAD Sabadell","item":"https:\/\/www.accent-social.cat\/es\/libro-recetas-assaborint-records-personas-mayores-sad-sabadell\/"},{"@type":"ListItem","position":3,"name":"Llibre de receptes Assaborint Records Saboreando Recuerdos en SAD Sabadell"}]},{"@type":"WebSite","@id":"https:\/\/www.accent-social.cat\/#website","url":"https:\/\/www.accent-social.cat\/","name":"Accent Social | Serveis d'Atenci\u00f3 Domicili\u00e0ria (SAD) i centres col\u00b7lectius","description":"Serveis d&#039;Atenci\u00f3 Domicili\u00e0ria i centres de dia a Barcelona. Gesti\u00f3 de serveis socials i per a la gent gran.","publisher":{"@id":"https:\/\/www.accent-social.cat\/#organization"},"potentialAction":[{"@type":"SearchAction","target":{"@type":"EntryPoint","urlTemplate":"https:\/\/www.accent-social.cat\/?s={search_term_string}"},"query-input":{"@type":"PropertyValueSpecification","valueRequired":true,"valueName":"search_term_string"}}],"inLanguage":"es"},{"@type":"Organization","@id":"https:\/\/www.accent-social.cat\/#organization","name":"Accent Social","url":"https:\/\/www.accent-social.cat\/","logo":{"@type":"ImageObject","inLanguage":"es","@id":"https:\/\/www.accent-social.cat\/#\/schema\/logo\/image\/","url":"https:\/\/www.accent-social.cat\/wp-content\/uploads\/2017\/09\/Logo-Accent-Social.jpg","contentUrl":"https:\/\/www.accent-social.cat\/wp-content\/uploads\/2017\/09\/Logo-Accent-Social.jpg","width":512,"height":512,"caption":"Accent Social"},"image":{"@id":"https:\/\/www.accent-social.cat\/#\/schema\/logo\/image\/"},"sameAs":["https:\/\/www.facebook.com\/accentsocial","https:\/\/x.com\/accentsocial_","http:\/\/www.instagram.com\/accentsocial","https:\/\/www.linkedin.com\/company\/accent-social\/","https:\/\/www.crunchbase.com\/organization\/accent-social","https:\/\/www.hotfrog.es\/empresa\/barcelona\/barcelona\/accent-social","https:\/\/www.youtube.com\/channel\/UCBRsmX50gP0nPuAb5rPfr2g"]}]}},"description":{"rendered":"<p class=\"attachment\"><a href='https:\/\/www.accent-social.cat\/wp-content\/uploads\/2023\/02\/Llibre-de-receptes-Assaborint-Records-Saboreando-Recuerdos-en-SAD-Sabadell.jpg'><img loading=\"lazy\" decoding=\"async\" width=\"300\" height=\"207\" src=\"https:\/\/www.accent-social.cat\/wp-content\/uploads\/2023\/02\/Llibre-de-receptes-Assaborint-Records-Saboreando-Recuerdos-en-SAD-Sabadell-300x207.jpg\" class=\"attachment-medium size-medium\" alt=\"Llibre de receptes Assaborint Records Saboreando Recuerdos en SAD Sabadell\" srcset=\"https:\/\/www.accent-social.cat\/wp-content\/uploads\/2023\/02\/Llibre-de-receptes-Assaborint-Records-Saboreando-Recuerdos-en-SAD-Sabadell-300x207.jpg 300w, https:\/\/www.accent-social.cat\/wp-content\/uploads\/2023\/02\/Llibre-de-receptes-Assaborint-Records-Saboreando-Recuerdos-en-SAD-Sabadell-768x531.jpg 768w, https:\/\/www.accent-social.cat\/wp-content\/uploads\/2023\/02\/Llibre-de-receptes-Assaborint-Records-Saboreando-Recuerdos-en-SAD-Sabadell-211x146.jpg 211w, https:\/\/www.accent-social.cat\/wp-content\/uploads\/2023\/02\/Llibre-de-receptes-Assaborint-Records-Saboreando-Recuerdos-en-SAD-Sabadell-50x35.jpg 50w, https:\/\/www.accent-social.cat\/wp-content\/uploads\/2023\/02\/Llibre-de-receptes-Assaborint-Records-Saboreando-Recuerdos-en-SAD-Sabadell-109x75.jpg 109w, https:\/\/www.accent-social.cat\/wp-content\/uploads\/2023\/02\/Llibre-de-receptes-Assaborint-Records-Saboreando-Recuerdos-en-SAD-Sabadell.jpg 1000w\" sizes=\"auto, (max-width:767px) 300px, 300px\" \/><\/a><\/p>\n<p>Llibre de receptes Assaborint Records Saboreando Recuerdos en SAD Sabadell<\/p>\n"},"caption":{"rendered":"<p>Llibre de receptes Assaborint Records Saboreando Recuerdos en SAD Sabadell<\/p>\n"},"alt_text":"Llibre de receptes Assaborint Records Saboreando Recuerdos en SAD Sabadell","media_type":"image","mime_type":"image\/jpeg","media_details":{"width":1000,"height":691,"file":"2023\/02\/Llibre-de-receptes-Assaborint-Records-Saboreando-Recuerdos-en-SAD-Sabadell.jpg","filesize":375443,"sizes":{"medium":{"file":"Llibre-de-receptes-Assaborint-Records-Saboreando-Recuerdos-en-SAD-Sabadell-300x207.jpg","width":300,"height":207,"filesize":43316,"mime_type":"image\/jpeg","source_url":"https:\/\/www.accent-social.cat\/wp-content\/uploads\/2023\/02\/Llibre-de-receptes-Assaborint-Records-Saboreando-Recuerdos-en-SAD-Sabadell-300x207.jpg"},"thumbnail":{"file":"Llibre-de-receptes-Assaborint-Records-Saboreando-Recuerdos-en-SAD-Sabadell-150x150.jpg","width":150,"height":150,"filesize":30014,"mime_type":"image\/jpeg","source_url":"https:\/\/www.accent-social.cat\/wp-content\/uploads\/2023\/02\/Llibre-de-receptes-Assaborint-Records-Saboreando-Recuerdos-en-SAD-Sabadell-150x150.jpg"},"medium_large":{"file":"Llibre-de-receptes-Assaborint-Records-Saboreando-Recuerdos-en-SAD-Sabadell-768x531.jpg","width":768,"height":531,"filesize":159121,"mime_type":"image\/jpeg","source_url":"https:\/\/www.accent-social.cat\/wp-content\/uploads\/2023\/02\/Llibre-de-receptes-Assaborint-Records-Saboreando-Recuerdos-en-SAD-Sabadell-768x531.jpg"},"post-thumbnail":{"file":"Llibre-de-receptes-Assaborint-Records-Saboreando-Recuerdos-en-SAD-Sabadell-211x146.jpg","width":211,"height":146,"filesize":32839,"mime_type":"image\/jpeg","source_url":"https:\/\/www.accent-social.cat\/wp-content\/uploads\/2023\/02\/Llibre-de-receptes-Assaborint-Records-Saboreando-Recuerdos-en-SAD-Sabadell-211x146.jpg"},"50x50":{"file":"Llibre-de-receptes-Assaborint-Records-Saboreando-Recuerdos-en-SAD-Sabadell-50x35.jpg","width":50,"height":35,"filesize":22615,"mime_type":"image\/jpeg","source_url":"https:\/\/www.accent-social.cat\/wp-content\/uploads\/2023\/02\/Llibre-de-receptes-Assaborint-Records-Saboreando-Recuerdos-en-SAD-Sabadell-50x35.jpg"},"clients-slider":{"file":"Llibre-de-receptes-Assaborint-Records-Saboreando-Recuerdos-en-SAD-Sabadell-109x75.jpg","width":109,"height":75,"filesize":24967,"mime_type":"image\/jpeg","source_url":"https:\/\/www.accent-social.cat\/wp-content\/uploads\/2023\/02\/Llibre-de-receptes-Assaborint-Records-Saboreando-Recuerdos-en-SAD-Sabadell-109x75.jpg"},"testimonials":{"file":"Llibre-de-receptes-Assaborint-Records-Saboreando-Recuerdos-en-SAD-Sabadell-85x85.jpg","width":85,"height":85,"filesize":24718,"mime_type":"image\/jpeg","source_url":"https:\/\/www.accent-social.cat\/wp-content\/uploads\/2023\/02\/Llibre-de-receptes-Assaborint-Records-Saboreando-Recuerdos-en-SAD-Sabadell-85x85.jpg"},"blog-navi":{"file":"Llibre-de-receptes-Assaborint-Records-Saboreando-Recuerdos-en-SAD-Sabadell-80x80.jpg","width":80,"height":80,"filesize":24227,"mime_type":"image\/jpeg","source_url":"https:\/\/www.accent-social.cat\/wp-content\/uploads\/2023\/02\/Llibre-de-receptes-Assaborint-Records-Saboreando-Recuerdos-en-SAD-Sabadell-80x80.jpg"},"portfolio-mf-w":{"file":"Llibre-de-receptes-Assaborint-Records-Saboreando-Recuerdos-en-SAD-Sabadell-1000x500.jpg","width":1000,"height":500,"filesize":238944,"mime_type":"image\/jpeg","source_url":"https:\/\/www.accent-social.cat\/wp-content\/uploads\/2023\/02\/Llibre-de-receptes-Assaborint-Records-Saboreando-Recuerdos-en-SAD-Sabadell-1000x500.jpg"},"portfolio-mf-t":{"file":"Llibre-de-receptes-Assaborint-Records-Saboreando-Recuerdos-en-SAD-Sabadell-768x691.jpg","width":768,"height":691,"filesize":224073,"mime_type":"image\/jpeg","source_url":"https:\/\/www.accent-social.cat\/wp-content\/uploads\/2023\/02\/Llibre-de-receptes-Assaborint-Records-Saboreando-Recuerdos-en-SAD-Sabadell-768x691.jpg"},"blog-portfolio":{"file":"Llibre-de-receptes-Assaborint-Records-Saboreando-Recuerdos-en-SAD-Sabadell-960x691.jpg","width":960,"height":691,"filesize":275067,"mime_type":"image\/jpeg","source_url":"https:\/\/www.accent-social.cat\/wp-content\/uploads\/2023\/02\/Llibre-de-receptes-Assaborint-Records-Saboreando-Recuerdos-en-SAD-Sabadell-960x691.jpg"},"blog-single":{"file":"Llibre-de-receptes-Assaborint-Records-Saboreando-Recuerdos-en-SAD-Sabadell-1000x480.jpg","width":1000,"height":480,"filesize":229776,"mime_type":"image\/jpeg","source_url":"https:\/\/www.accent-social.cat\/wp-content\/uploads\/2023\/02\/Llibre-de-receptes-Assaborint-Records-Saboreando-Recuerdos-en-SAD-Sabadell-1000x480.jpg"},"full":{"file":"Llibre-de-receptes-Assaborint-Records-Saboreando-Recuerdos-en-SAD-Sabadell.jpg","width":1000,"height":691,"mime_type":"image\/jpeg","source_url":"https:\/\/www.accent-social.cat\/wp-content\/uploads\/2023\/02\/Llibre-de-receptes-Assaborint-Records-Saboreando-Recuerdos-en-SAD-Sabadell.jpg"}},"image_meta":{"aperture":"0","credit":"","camera":"","caption":"","created_timestamp":"1675088153","copyright":"","focal_length":"0","iso":"0","shutter_speed":"0","title":"","orientation":"1","keywords":[]}},"post":14425,"source_url":"https:\/\/www.accent-social.cat\/wp-content\/uploads\/2023\/02\/Llibre-de-receptes-Assaborint-Records-Saboreando-Recuerdos-en-SAD-Sabadell.jpg","_links":{"self":[{"href":"https:\/\/www.accent-social.cat\/es\/wp-json\/wp\/v2\/media\/14412","targetHints":{"allow":["GET"]}}],"collection":[{"href":"https:\/\/www.accent-social.cat\/es\/wp-json\/wp\/v2\/media"}],"about":[{"href":"https:\/\/www.accent-social.cat\/es\/wp-json\/wp\/v2\/types\/attachment"}],"author":[{"embeddable":true,"href":"https:\/\/www.accent-social.cat\/es\/wp-json\/wp\/v2\/users\/1"}],"replies":[{"embeddable":true,"href":"https:\/\/www.accent-social.cat\/es\/wp-json\/wp\/v2\/comments?post=14412"}],"wp:attached-to":[{"embeddable":true,"post_type":"post","id":14425,"href":"https:\/\/www.accent-social.cat\/es\/wp-json\/wp\/v2\/posts\/14425"}],"curies":[{"name":"wp","href":"https:\/\/api.w.org\/{rel}","templated":true}]}}