{"id":12763,"date":"2020-04-15T19:40:25","date_gmt":"2020-04-15T18:40:25","guid":{"rendered":"https:\/\/www.accent-social.cat\/wp-content\/uploads\/2020\/04\/Videoconfer\u00e8ncies-contra-la-soledat-de-la-gent-gran.jpeg"},"modified":"2020-04-15T22:47:54","modified_gmt":"2020-04-15T21:47:54","slug":"videoconferencies-contra-la-soledat-de-la-gent-gran-2","status":"inherit","type":"attachment","link":"https:\/\/www.accent-social.cat\/es\/videoconferencias-personas-mayores-residencia-josep-miracle\/videoconferencies-contra-la-soledat-de-la-gent-gran-2\/","title":{"rendered":"Videoconfer\u00e8ncies contra la soledat de la gent gran"},"author":1,"featured_media":0,"comment_status":"closed","ping_status":"closed","template":"","meta":[],"class_list":["post-12763","attachment","type-attachment","status-inherit","hentry"],"yoast_head":"<!-- This site is optimized with the Yoast SEO plugin v27.5 - https:\/\/yoast.com\/product\/yoast-seo-wordpress\/ -->\n<title>Videoconfer\u00e8ncies contra la soledat de la gent gran | Accent Social | Serveis d&#039;Atenci\u00f3 Domicili\u00e0ria i centres per gent gran<\/title>\n<meta name=\"robots\" content=\"index, follow, max-snippet:-1, max-image-preview:large, max-video-preview:-1\" \/>\n<link rel=\"canonical\" href=\"https:\/\/www.accent-social.cat\/wp-content\/uploads\/2020\/04\/Videoconfer\u00e8ncies-contra-la-soledat-de-la-gent-gran.jpeg\" \/>\n<meta property=\"og:locale\" content=\"es_ES\" \/>\n<meta property=\"og:type\" content=\"article\" \/>\n<meta property=\"og:title\" content=\"Videoconfer\u00e8ncies contra la soledat de la gent gran | Accent Social | Serveis d&#039;Atenci\u00f3 Domicili\u00e0ria i centres per gent gran\" \/>\n<meta property=\"og:description\" content=\"Videoconfer\u00e8ncies contra la soledat de la gent gran\" \/>\n<meta property=\"og:url\" content=\"https:\/\/www.accent-social.cat\/wp-content\/uploads\/2020\/04\/Videoconfer\u00e8ncies-contra-la-soledat-de-la-gent-gran.jpeg\" \/>\n<meta property=\"og:site_name\" content=\"Accent Social | Serveis d&#039;Atenci\u00f3 Domicili\u00e0ria i centres per gent gran\" \/>\n<meta property=\"article:publisher\" content=\"https:\/\/www.facebook.com\/accentsocial\" \/>\n<meta property=\"article:modified_time\" content=\"2020-04-15T21:47:54+00:00\" \/>\n<meta property=\"og:image\" content=\"https:\/\/www.accent-social.cat\/wp-content\/uploads\/2020\/04\/Videoconfer\u00e8ncies-contra-la-soledat-de-la-gent-gran.jpeg\" \/>\n\t<meta property=\"og:image:width\" content=\"840\" \/>\n\t<meta property=\"og:image:height\" content=\"400\" \/>\n\t<meta property=\"og:image:type\" content=\"image\/jpeg\" \/>\n<meta name=\"twitter:card\" content=\"summary_large_image\" \/>\n<meta name=\"twitter:site\" content=\"@accentsocial_\" \/>\n<script type=\"application\/ld+json\" class=\"yoast-schema-graph\">{\"@context\":\"https:\\\/\\\/schema.org\",\"@graph\":[{\"@type\":\"WebPage\",\"@id\":\"https:\\\/\\\/www.accent-social.cat\\\/wp-content\\\/uploads\\\/2020\\\/04\\\/Videoconfer\u00e8ncies-contra-la-soledat-de-la-gent-gran.jpeg\",\"url\":\"https:\\\/\\\/www.accent-social.cat\\\/wp-content\\\/uploads\\\/2020\\\/04\\\/Videoconfer\u00e8ncies-contra-la-soledat-de-la-gent-gran.jpeg\",\"name\":\"Videoconfer\u00e8ncies contra la soledat de la gent gran | Accent Social | Serveis d&#039;Atenci\u00f3 Domicili\u00e0ria i centres per gent gran\",\"isPartOf\":{\"@id\":\"https:\\\/\\\/www.accent-social.cat\\\/#website\"},\"datePublished\":\"2020-04-15T18:40:25+00:00\",\"dateModified\":\"2020-04-15T21:47:54+00:00\",\"breadcrumb\":{\"@id\":\"https:\\\/\\\/www.accent-social.cat\\\/wp-content\\\/uploads\\\/2020\\\/04\\\/Videoconfer\u00e8ncies-contra-la-soledat-de-la-gent-gran.jpeg#breadcrumb\"},\"inLanguage\":\"es\",\"potentialAction\":[{\"@type\":\"ReadAction\",\"target\":[\"https:\\\/\\\/www.accent-social.cat\\\/wp-content\\\/uploads\\\/2020\\\/04\\\/Videoconfer\u00e8ncies-contra-la-soledat-de-la-gent-gran.jpeg\"]}]},{\"@type\":\"BreadcrumbList\",\"@id\":\"https:\\\/\\\/www.accent-social.cat\\\/wp-content\\\/uploads\\\/2020\\\/04\\\/Videoconfer\u00e8ncies-contra-la-soledat-de-la-gent-gran.jpeg#breadcrumb\",\"itemListElement\":[{\"@type\":\"ListItem\",\"position\":1,\"name\":\"Inici\",\"item\":\"https:\\\/\\\/www.accent-social.cat\\\/es\\\/\"},{\"@type\":\"ListItem\",\"position\":2,\"name\":\"El Equipamiento Josep Miracle combate la soledad de las personas mayores con videoconferencias\",\"item\":\"https:\\\/\\\/www.accent-social.cat\\\/es\\\/videoconferencias-personas-mayores-residencia-josep-miracle\\\/\"},{\"@type\":\"ListItem\",\"position\":3,\"name\":\"Videoconfer\u00e8ncies contra la soledat de la gent gran\"}]},{\"@type\":\"WebSite\",\"@id\":\"https:\\\/\\\/www.accent-social.cat\\\/#website\",\"url\":\"https:\\\/\\\/www.accent-social.cat\\\/\",\"name\":\"Accent Social | Serveis d'Atenci\u00f3 Domicili\u00e0ria (SAD) i centres col\u00b7lectius\",\"description\":\"Serveis d&#039;Atenci\u00f3 Domicili\u00e0ria i centres de dia a Barcelona. Gesti\u00f3 de serveis socials i per a la gent gran.\",\"publisher\":{\"@id\":\"https:\\\/\\\/www.accent-social.cat\\\/#organization\"},\"potentialAction\":[{\"@type\":\"SearchAction\",\"target\":{\"@type\":\"EntryPoint\",\"urlTemplate\":\"https:\\\/\\\/www.accent-social.cat\\\/?s={search_term_string}\"},\"query-input\":{\"@type\":\"PropertyValueSpecification\",\"valueRequired\":true,\"valueName\":\"search_term_string\"}}],\"inLanguage\":\"es\"},{\"@type\":\"Organization\",\"@id\":\"https:\\\/\\\/www.accent-social.cat\\\/#organization\",\"name\":\"Accent Social\",\"url\":\"https:\\\/\\\/www.accent-social.cat\\\/\",\"logo\":{\"@type\":\"ImageObject\",\"inLanguage\":\"es\",\"@id\":\"https:\\\/\\\/www.accent-social.cat\\\/#\\\/schema\\\/logo\\\/image\\\/\",\"url\":\"https:\\\/\\\/www.accent-social.cat\\\/wp-content\\\/uploads\\\/2017\\\/09\\\/Logo-Accent-Social.jpg\",\"contentUrl\":\"https:\\\/\\\/www.accent-social.cat\\\/wp-content\\\/uploads\\\/2017\\\/09\\\/Logo-Accent-Social.jpg\",\"width\":512,\"height\":512,\"caption\":\"Accent Social\"},\"image\":{\"@id\":\"https:\\\/\\\/www.accent-social.cat\\\/#\\\/schema\\\/logo\\\/image\\\/\"},\"sameAs\":[\"https:\\\/\\\/www.facebook.com\\\/accentsocial\",\"https:\\\/\\\/x.com\\\/accentsocial_\",\"http:\\\/\\\/www.instagram.com\\\/accentsocial\",\"https:\\\/\\\/www.linkedin.com\\\/company\\\/accent-social\\\/\",\"https:\\\/\\\/www.crunchbase.com\\\/organization\\\/accent-social\",\"https:\\\/\\\/www.hotfrog.es\\\/empresa\\\/barcelona\\\/barcelona\\\/accent-social\",\"https:\\\/\\\/www.youtube.com\\\/channel\\\/UCBRsmX50gP0nPuAb5rPfr2g\"]}]}<\/script>\n<!-- \/ Yoast SEO plugin. -->","yoast_head_json":{"title":"Videoconfer\u00e8ncies contra la soledat de la gent gran | Accent Social | Serveis d&#039;Atenci\u00f3 Domicili\u00e0ria i centres per gent gran","robots":{"index":"index","follow":"follow","max-snippet":"max-snippet:-1","max-image-preview":"max-image-preview:large","max-video-preview":"max-video-preview:-1"},"canonical":"https:\/\/www.accent-social.cat\/wp-content\/uploads\/2020\/04\/Videoconfer\u00e8ncies-contra-la-soledat-de-la-gent-gran.jpeg","og_locale":"es_ES","og_type":"article","og_title":"Videoconfer\u00e8ncies contra la soledat de la gent gran | Accent Social | Serveis d&#039;Atenci\u00f3 Domicili\u00e0ria i centres per gent gran","og_description":"Videoconfer\u00e8ncies contra la soledat de la gent gran","og_url":"https:\/\/www.accent-social.cat\/wp-content\/uploads\/2020\/04\/Videoconfer\u00e8ncies-contra-la-soledat-de-la-gent-gran.jpeg","og_site_name":"Accent Social | Serveis d&#039;Atenci\u00f3 Domicili\u00e0ria i centres per gent gran","article_publisher":"https:\/\/www.facebook.com\/accentsocial","article_modified_time":"2020-04-15T21:47:54+00:00","og_image":[{"width":840,"height":400,"url":"https:\/\/www.accent-social.cat\/wp-content\/uploads\/2020\/04\/Videoconfer\u00e8ncies-contra-la-soledat-de-la-gent-gran.jpeg","type":"image\/jpeg"}],"twitter_card":"summary_large_image","twitter_site":"@accentsocial_","schema":{"@context":"https:\/\/schema.org","@graph":[{"@type":"WebPage","@id":"https:\/\/www.accent-social.cat\/wp-content\/uploads\/2020\/04\/Videoconfer\u00e8ncies-contra-la-soledat-de-la-gent-gran.jpeg","url":"https:\/\/www.accent-social.cat\/wp-content\/uploads\/2020\/04\/Videoconfer\u00e8ncies-contra-la-soledat-de-la-gent-gran.jpeg","name":"Videoconfer\u00e8ncies contra la soledat de la gent gran | Accent Social | Serveis d&#039;Atenci\u00f3 Domicili\u00e0ria i centres per gent gran","isPartOf":{"@id":"https:\/\/www.accent-social.cat\/#website"},"datePublished":"2020-04-15T18:40:25+00:00","dateModified":"2020-04-15T21:47:54+00:00","breadcrumb":{"@id":"https:\/\/www.accent-social.cat\/wp-content\/uploads\/2020\/04\/Videoconfer\u00e8ncies-contra-la-soledat-de-la-gent-gran.jpeg#breadcrumb"},"inLanguage":"es","potentialAction":[{"@type":"ReadAction","target":["https:\/\/www.accent-social.cat\/wp-content\/uploads\/2020\/04\/Videoconfer\u00e8ncies-contra-la-soledat-de-la-gent-gran.jpeg"]}]},{"@type":"BreadcrumbList","@id":"https:\/\/www.accent-social.cat\/wp-content\/uploads\/2020\/04\/Videoconfer\u00e8ncies-contra-la-soledat-de-la-gent-gran.jpeg#breadcrumb","itemListElement":[{"@type":"ListItem","position":1,"name":"Inici","item":"https:\/\/www.accent-social.cat\/es\/"},{"@type":"ListItem","position":2,"name":"El Equipamiento Josep Miracle combate la soledad de las personas mayores con videoconferencias","item":"https:\/\/www.accent-social.cat\/es\/videoconferencias-personas-mayores-residencia-josep-miracle\/"},{"@type":"ListItem","position":3,"name":"Videoconfer\u00e8ncies contra la soledat de la gent gran"}]},{"@type":"WebSite","@id":"https:\/\/www.accent-social.cat\/#website","url":"https:\/\/www.accent-social.cat\/","name":"Accent Social | Serveis d'Atenci\u00f3 Domicili\u00e0ria (SAD) i centres col\u00b7lectius","description":"Serveis d&#039;Atenci\u00f3 Domicili\u00e0ria i centres de dia a Barcelona. Gesti\u00f3 de serveis socials i per a la gent gran.","publisher":{"@id":"https:\/\/www.accent-social.cat\/#organization"},"potentialAction":[{"@type":"SearchAction","target":{"@type":"EntryPoint","urlTemplate":"https:\/\/www.accent-social.cat\/?s={search_term_string}"},"query-input":{"@type":"PropertyValueSpecification","valueRequired":true,"valueName":"search_term_string"}}],"inLanguage":"es"},{"@type":"Organization","@id":"https:\/\/www.accent-social.cat\/#organization","name":"Accent Social","url":"https:\/\/www.accent-social.cat\/","logo":{"@type":"ImageObject","inLanguage":"es","@id":"https:\/\/www.accent-social.cat\/#\/schema\/logo\/image\/","url":"https:\/\/www.accent-social.cat\/wp-content\/uploads\/2017\/09\/Logo-Accent-Social.jpg","contentUrl":"https:\/\/www.accent-social.cat\/wp-content\/uploads\/2017\/09\/Logo-Accent-Social.jpg","width":512,"height":512,"caption":"Accent Social"},"image":{"@id":"https:\/\/www.accent-social.cat\/#\/schema\/logo\/image\/"},"sameAs":["https:\/\/www.facebook.com\/accentsocial","https:\/\/x.com\/accentsocial_","http:\/\/www.instagram.com\/accentsocial","https:\/\/www.linkedin.com\/company\/accent-social\/","https:\/\/www.crunchbase.com\/organization\/accent-social","https:\/\/www.hotfrog.es\/empresa\/barcelona\/barcelona\/accent-social","https:\/\/www.youtube.com\/channel\/UCBRsmX50gP0nPuAb5rPfr2g"]}]}},"description":{"rendered":"<p class=\"attachment\"><a href='https:\/\/www.accent-social.cat\/wp-content\/uploads\/2020\/04\/Videoconfer\u00e8ncies-contra-la-soledat-de-la-gent-gran.jpeg'><img loading=\"lazy\" decoding=\"async\" width=\"300\" height=\"143\" src=\"https:\/\/www.accent-social.cat\/wp-content\/uploads\/2020\/04\/Videoconfer\u00e8ncies-contra-la-soledat-de-la-gent-gran-300x143.jpeg\" class=\"attachment-medium size-medium\" alt=\"Videoconfer\u00e8ncies contra la soledat de la gent gran\" srcset=\"https:\/\/www.accent-social.cat\/wp-content\/uploads\/2020\/04\/Videoconfer\u00e8ncies-contra-la-soledat-de-la-gent-gran-300x143.jpeg 300w, https:\/\/www.accent-social.cat\/wp-content\/uploads\/2020\/04\/Videoconfer\u00e8ncies-contra-la-soledat-de-la-gent-gran-768x366.jpeg 768w, https:\/\/www.accent-social.cat\/wp-content\/uploads\/2020\/04\/Videoconfer\u00e8ncies-contra-la-soledat-de-la-gent-gran-260x124.jpeg 260w, https:\/\/www.accent-social.cat\/wp-content\/uploads\/2020\/04\/Videoconfer\u00e8ncies-contra-la-soledat-de-la-gent-gran-50x24.jpeg 50w, https:\/\/www.accent-social.cat\/wp-content\/uploads\/2020\/04\/Videoconfer\u00e8ncies-contra-la-soledat-de-la-gent-gran-150x71.jpeg 150w, https:\/\/www.accent-social.cat\/wp-content\/uploads\/2020\/04\/Videoconfer\u00e8ncies-contra-la-soledat-de-la-gent-gran.jpeg 840w\" sizes=\"auto, (max-width:767px) 300px, 300px\" \/><\/a><\/p>\n<p>Videoconfer\u00e8ncies contra la soledat de la gent gran<\/p>\n"},"caption":{"rendered":"<p>Videoconfer\u00e8ncies contra la soledat de la gent gran<\/p>\n"},"alt_text":"Videoconfer\u00e8ncies contra la soledat de la gent gran","media_type":"image","mime_type":"image\/jpeg","media_details":{"width":840,"height":400,"file":"2020\/04\/Videoconfer\u00e8ncies-contra-la-soledat-de-la-gent-gran.jpeg","sizes":{"thumbnail":{"file":"Videoconfer\u00e8ncies-contra-la-soledat-de-la-gent-gran-150x150.jpeg","width":150,"height":150,"mime_type":"image\/jpeg","source_url":"https:\/\/www.accent-social.cat\/wp-content\/uploads\/2020\/04\/Videoconfer\u00e8ncies-contra-la-soledat-de-la-gent-gran-150x150.jpeg"},"medium":{"file":"Videoconfer\u00e8ncies-contra-la-soledat-de-la-gent-gran-300x143.jpeg","width":300,"height":143,"mime_type":"image\/jpeg","source_url":"https:\/\/www.accent-social.cat\/wp-content\/uploads\/2020\/04\/Videoconfer\u00e8ncies-contra-la-soledat-de-la-gent-gran-300x143.jpeg"},"medium_large":{"file":"Videoconfer\u00e8ncies-contra-la-soledat-de-la-gent-gran-768x366.jpeg","width":768,"height":366,"mime_type":"image\/jpeg","source_url":"https:\/\/www.accent-social.cat\/wp-content\/uploads\/2020\/04\/Videoconfer\u00e8ncies-contra-la-soledat-de-la-gent-gran-768x366.jpeg"},"post-thumbnail":{"file":"Videoconfer\u00e8ncies-contra-la-soledat-de-la-gent-gran-260x124.jpeg","width":260,"height":124,"mime_type":"image\/jpeg","source_url":"https:\/\/www.accent-social.cat\/wp-content\/uploads\/2020\/04\/Videoconfer\u00e8ncies-contra-la-soledat-de-la-gent-gran-260x124.jpeg"},"50x50":{"file":"Videoconfer\u00e8ncies-contra-la-soledat-de-la-gent-gran-50x24.jpeg","width":50,"height":24,"mime_type":"image\/jpeg","source_url":"https:\/\/www.accent-social.cat\/wp-content\/uploads\/2020\/04\/Videoconfer\u00e8ncies-contra-la-soledat-de-la-gent-gran-50x24.jpeg"},"clients-slider":{"file":"Videoconfer\u00e8ncies-contra-la-soledat-de-la-gent-gran-150x71.jpeg","width":150,"height":71,"mime_type":"image\/jpeg","source_url":"https:\/\/www.accent-social.cat\/wp-content\/uploads\/2020\/04\/Videoconfer\u00e8ncies-contra-la-soledat-de-la-gent-gran-150x71.jpeg"},"testimonials":{"file":"Videoconfer\u00e8ncies-contra-la-soledat-de-la-gent-gran-85x85.jpeg","width":85,"height":85,"mime_type":"image\/jpeg","source_url":"https:\/\/www.accent-social.cat\/wp-content\/uploads\/2020\/04\/Videoconfer\u00e8ncies-contra-la-soledat-de-la-gent-gran-85x85.jpeg"},"blog-navi":{"file":"Videoconfer\u00e8ncies-contra-la-soledat-de-la-gent-gran-80x80.jpeg","width":80,"height":80,"mime_type":"image\/jpeg","source_url":"https:\/\/www.accent-social.cat\/wp-content\/uploads\/2020\/04\/Videoconfer\u00e8ncies-contra-la-soledat-de-la-gent-gran-80x80.jpeg"},"portfolio-mf-t":{"file":"Videoconfer\u00e8ncies-contra-la-soledat-de-la-gent-gran-768x400.jpeg","width":768,"height":400,"mime_type":"image\/jpeg","source_url":"https:\/\/www.accent-social.cat\/wp-content\/uploads\/2020\/04\/Videoconfer\u00e8ncies-contra-la-soledat-de-la-gent-gran-768x400.jpeg"},"full":{"file":"Videoconfer\u00e8ncies-contra-la-soledat-de-la-gent-gran.jpeg","width":840,"height":400,"mime_type":"image\/jpeg","source_url":"https:\/\/www.accent-social.cat\/wp-content\/uploads\/2020\/04\/Videoconfer\u00e8ncies-contra-la-soledat-de-la-gent-gran.jpeg"}},"image_meta":{"aperture":"0","credit":"","camera":"","caption":"","created_timestamp":"0","copyright":"","focal_length":"0","iso":"0","shutter_speed":"0","title":"","orientation":"0","keywords":[]}},"post":12764,"source_url":"https:\/\/www.accent-social.cat\/wp-content\/uploads\/2020\/04\/Videoconfer\u00e8ncies-contra-la-soledat-de-la-gent-gran.jpeg","_links":{"self":[{"href":"https:\/\/www.accent-social.cat\/es\/wp-json\/wp\/v2\/media\/12763","targetHints":{"allow":["GET"]}}],"collection":[{"href":"https:\/\/www.accent-social.cat\/es\/wp-json\/wp\/v2\/media"}],"about":[{"href":"https:\/\/www.accent-social.cat\/es\/wp-json\/wp\/v2\/types\/attachment"}],"author":[{"embeddable":true,"href":"https:\/\/www.accent-social.cat\/es\/wp-json\/wp\/v2\/users\/1"}],"replies":[{"embeddable":true,"href":"https:\/\/www.accent-social.cat\/es\/wp-json\/wp\/v2\/comments?post=12763"}],"wp:attached-to":[{"embeddable":true,"post_type":"post","id":12764,"href":"https:\/\/www.accent-social.cat\/es\/wp-json\/wp\/v2\/posts\/12764"}],"curies":[{"name":"wp","href":"https:\/\/api.w.org\/{rel}","templated":true}]}}