{"id":11497,"date":"2018-12-27T14:43:17","date_gmt":"2018-12-27T13:43:17","guid":{"rendered":"http:\/\/www.accent-social.cat\/wp-content\/uploads\/2018\/12\/Comprom\u00eds-ambiental-entre-Accent-Social-i-Rezero.jpg"},"modified":"2018-12-27T14:47:23","modified_gmt":"2018-12-27T13:47:23","slug":"compromis-ambiental-entre-accent-social-i-rezero-2","status":"inherit","type":"attachment","link":"https:\/\/www.accent-social.cat\/es\/rezero-reduccion-residuos\/compromis-ambiental-entre-accent-social-i-rezero-2\/","title":{"rendered":"Comprom\u00eds ambiental entre Accent Social i Rezero"},"author":1,"featured_media":0,"comment_status":"closed","ping_status":"closed","template":"","meta":[],"class_list":["post-11497","attachment","type-attachment","status-inherit","hentry"],"yoast_head":"<!-- This site is optimized with the Yoast SEO plugin v27.5 - https:\/\/yoast.com\/product\/yoast-seo-wordpress\/ -->\n<title>Comprom\u00eds ambiental entre Accent Social i Rezero | Accent Social | Serveis d&#039;Atenci\u00f3 Domicili\u00e0ria i centres per gent gran<\/title>\n<meta name=\"robots\" content=\"index, follow, max-snippet:-1, max-image-preview:large, max-video-preview:-1\" \/>\n<link rel=\"canonical\" href=\"https:\/\/www.accent-social.cat\/wp-content\/uploads\/2018\/12\/Comprom\u00eds-ambiental-entre-Accent-Social-i-Rezero.jpg\" \/>\n<meta property=\"og:locale\" content=\"es_ES\" \/>\n<meta property=\"og:type\" content=\"article\" \/>\n<meta property=\"og:title\" content=\"Comprom\u00eds ambiental entre Accent Social i Rezero | Accent Social | Serveis d&#039;Atenci\u00f3 Domicili\u00e0ria i centres per gent gran\" \/>\n<meta property=\"og:description\" content=\"Reducci\u00f3 de residus i comprom\u00eds ambiental entre Accent Social i Rezero\" \/>\n<meta property=\"og:url\" content=\"https:\/\/www.accent-social.cat\/wp-content\/uploads\/2018\/12\/Comprom\u00eds-ambiental-entre-Accent-Social-i-Rezero.jpg\" \/>\n<meta property=\"og:site_name\" content=\"Accent Social | Serveis d&#039;Atenci\u00f3 Domicili\u00e0ria i centres per gent gran\" \/>\n<meta property=\"article:publisher\" content=\"https:\/\/www.facebook.com\/accentsocial\" \/>\n<meta property=\"article:modified_time\" content=\"2018-12-27T13:47:23+00:00\" \/>\n<meta property=\"og:image\" content=\"https:\/\/www.accent-social.cat\/wp-content\/uploads\/2018\/12\/Comprom\u00eds-ambiental-entre-Accent-Social-i-Rezero.jpg\" \/>\n\t<meta property=\"og:image:width\" content=\"1000\" \/>\n\t<meta property=\"og:image:height\" content=\"660\" \/>\n\t<meta property=\"og:image:type\" content=\"image\/jpeg\" \/>\n<meta name=\"twitter:card\" content=\"summary_large_image\" \/>\n<meta name=\"twitter:site\" content=\"@accentsocial_\" \/>\n<script type=\"application\/ld+json\" class=\"yoast-schema-graph\">{\"@context\":\"https:\\\/\\\/schema.org\",\"@graph\":[{\"@type\":\"WebPage\",\"@id\":\"https:\\\/\\\/www.accent-social.cat\\\/wp-content\\\/uploads\\\/2018\\\/12\\\/Comprom\u00eds-ambiental-entre-Accent-Social-i-Rezero.jpg\",\"url\":\"https:\\\/\\\/www.accent-social.cat\\\/wp-content\\\/uploads\\\/2018\\\/12\\\/Comprom\u00eds-ambiental-entre-Accent-Social-i-Rezero.jpg\",\"name\":\"Comprom\u00eds ambiental entre Accent Social i Rezero | Accent Social | Serveis d&#039;Atenci\u00f3 Domicili\u00e0ria i centres per gent gran\",\"isPartOf\":{\"@id\":\"https:\\\/\\\/www.accent-social.cat\\\/#website\"},\"datePublished\":\"2018-12-27T13:43:17+00:00\",\"dateModified\":\"2018-12-27T13:47:23+00:00\",\"breadcrumb\":{\"@id\":\"https:\\\/\\\/www.accent-social.cat\\\/wp-content\\\/uploads\\\/2018\\\/12\\\/Comprom\u00eds-ambiental-entre-Accent-Social-i-Rezero.jpg#breadcrumb\"},\"inLanguage\":\"es\",\"potentialAction\":[{\"@type\":\"ReadAction\",\"target\":[\"https:\\\/\\\/www.accent-social.cat\\\/wp-content\\\/uploads\\\/2018\\\/12\\\/Comprom\u00eds-ambiental-entre-Accent-Social-i-Rezero.jpg\"]}]},{\"@type\":\"BreadcrumbList\",\"@id\":\"https:\\\/\\\/www.accent-social.cat\\\/wp-content\\\/uploads\\\/2018\\\/12\\\/Comprom\u00eds-ambiental-entre-Accent-Social-i-Rezero.jpg#breadcrumb\",\"itemListElement\":[{\"@type\":\"ListItem\",\"position\":1,\"name\":\"Inici\",\"item\":\"https:\\\/\\\/www.accent-social.cat\\\/es\\\/\"},{\"@type\":\"ListItem\",\"position\":2,\"name\":\"Accent Social colabora con Rezero para fomentar la reducci\u00f3n de residuos y el uso eficiente de los recursos\",\"item\":\"https:\\\/\\\/www.accent-social.cat\\\/es\\\/rezero-reduccion-residuos\\\/\"},{\"@type\":\"ListItem\",\"position\":3,\"name\":\"Comprom\u00eds ambiental entre Accent Social i Rezero\"}]},{\"@type\":\"WebSite\",\"@id\":\"https:\\\/\\\/www.accent-social.cat\\\/#website\",\"url\":\"https:\\\/\\\/www.accent-social.cat\\\/\",\"name\":\"Accent Social | Serveis d'Atenci\u00f3 Domicili\u00e0ria (SAD) i centres col\u00b7lectius\",\"description\":\"Serveis d&#039;Atenci\u00f3 Domicili\u00e0ria i centres de dia a Barcelona. Gesti\u00f3 de serveis socials i per a la gent gran.\",\"publisher\":{\"@id\":\"https:\\\/\\\/www.accent-social.cat\\\/#organization\"},\"potentialAction\":[{\"@type\":\"SearchAction\",\"target\":{\"@type\":\"EntryPoint\",\"urlTemplate\":\"https:\\\/\\\/www.accent-social.cat\\\/?s={search_term_string}\"},\"query-input\":{\"@type\":\"PropertyValueSpecification\",\"valueRequired\":true,\"valueName\":\"search_term_string\"}}],\"inLanguage\":\"es\"},{\"@type\":\"Organization\",\"@id\":\"https:\\\/\\\/www.accent-social.cat\\\/#organization\",\"name\":\"Accent Social\",\"url\":\"https:\\\/\\\/www.accent-social.cat\\\/\",\"logo\":{\"@type\":\"ImageObject\",\"inLanguage\":\"es\",\"@id\":\"https:\\\/\\\/www.accent-social.cat\\\/#\\\/schema\\\/logo\\\/image\\\/\",\"url\":\"https:\\\/\\\/www.accent-social.cat\\\/wp-content\\\/uploads\\\/2017\\\/09\\\/Logo-Accent-Social.jpg\",\"contentUrl\":\"https:\\\/\\\/www.accent-social.cat\\\/wp-content\\\/uploads\\\/2017\\\/09\\\/Logo-Accent-Social.jpg\",\"width\":512,\"height\":512,\"caption\":\"Accent Social\"},\"image\":{\"@id\":\"https:\\\/\\\/www.accent-social.cat\\\/#\\\/schema\\\/logo\\\/image\\\/\"},\"sameAs\":[\"https:\\\/\\\/www.facebook.com\\\/accentsocial\",\"https:\\\/\\\/x.com\\\/accentsocial_\",\"http:\\\/\\\/www.instagram.com\\\/accentsocial\",\"https:\\\/\\\/www.linkedin.com\\\/company\\\/accent-social\\\/\",\"https:\\\/\\\/www.crunchbase.com\\\/organization\\\/accent-social\",\"https:\\\/\\\/www.hotfrog.es\\\/empresa\\\/barcelona\\\/barcelona\\\/accent-social\",\"https:\\\/\\\/www.youtube.com\\\/channel\\\/UCBRsmX50gP0nPuAb5rPfr2g\"]}]}<\/script>\n<!-- \/ Yoast SEO plugin. -->","yoast_head_json":{"title":"Comprom\u00eds ambiental entre Accent Social i Rezero | Accent Social | Serveis d&#039;Atenci\u00f3 Domicili\u00e0ria i centres per gent gran","robots":{"index":"index","follow":"follow","max-snippet":"max-snippet:-1","max-image-preview":"max-image-preview:large","max-video-preview":"max-video-preview:-1"},"canonical":"https:\/\/www.accent-social.cat\/wp-content\/uploads\/2018\/12\/Comprom\u00eds-ambiental-entre-Accent-Social-i-Rezero.jpg","og_locale":"es_ES","og_type":"article","og_title":"Comprom\u00eds ambiental entre Accent Social i Rezero | Accent Social | Serveis d&#039;Atenci\u00f3 Domicili\u00e0ria i centres per gent gran","og_description":"Reducci\u00f3 de residus i comprom\u00eds ambiental entre Accent Social i Rezero","og_url":"https:\/\/www.accent-social.cat\/wp-content\/uploads\/2018\/12\/Comprom\u00eds-ambiental-entre-Accent-Social-i-Rezero.jpg","og_site_name":"Accent Social | Serveis d&#039;Atenci\u00f3 Domicili\u00e0ria i centres per gent gran","article_publisher":"https:\/\/www.facebook.com\/accentsocial","article_modified_time":"2018-12-27T13:47:23+00:00","og_image":[{"width":1000,"height":660,"url":"https:\/\/www.accent-social.cat\/wp-content\/uploads\/2018\/12\/Comprom\u00eds-ambiental-entre-Accent-Social-i-Rezero.jpg","type":"image\/jpeg"}],"twitter_card":"summary_large_image","twitter_site":"@accentsocial_","schema":{"@context":"https:\/\/schema.org","@graph":[{"@type":"WebPage","@id":"https:\/\/www.accent-social.cat\/wp-content\/uploads\/2018\/12\/Comprom\u00eds-ambiental-entre-Accent-Social-i-Rezero.jpg","url":"https:\/\/www.accent-social.cat\/wp-content\/uploads\/2018\/12\/Comprom\u00eds-ambiental-entre-Accent-Social-i-Rezero.jpg","name":"Comprom\u00eds ambiental entre Accent Social i Rezero | Accent Social | Serveis d&#039;Atenci\u00f3 Domicili\u00e0ria i centres per gent gran","isPartOf":{"@id":"https:\/\/www.accent-social.cat\/#website"},"datePublished":"2018-12-27T13:43:17+00:00","dateModified":"2018-12-27T13:47:23+00:00","breadcrumb":{"@id":"https:\/\/www.accent-social.cat\/wp-content\/uploads\/2018\/12\/Comprom\u00eds-ambiental-entre-Accent-Social-i-Rezero.jpg#breadcrumb"},"inLanguage":"es","potentialAction":[{"@type":"ReadAction","target":["https:\/\/www.accent-social.cat\/wp-content\/uploads\/2018\/12\/Comprom\u00eds-ambiental-entre-Accent-Social-i-Rezero.jpg"]}]},{"@type":"BreadcrumbList","@id":"https:\/\/www.accent-social.cat\/wp-content\/uploads\/2018\/12\/Comprom\u00eds-ambiental-entre-Accent-Social-i-Rezero.jpg#breadcrumb","itemListElement":[{"@type":"ListItem","position":1,"name":"Inici","item":"https:\/\/www.accent-social.cat\/es\/"},{"@type":"ListItem","position":2,"name":"Accent Social colabora con Rezero para fomentar la reducci\u00f3n de residuos y el uso eficiente de los recursos","item":"https:\/\/www.accent-social.cat\/es\/rezero-reduccion-residuos\/"},{"@type":"ListItem","position":3,"name":"Comprom\u00eds ambiental entre Accent Social i Rezero"}]},{"@type":"WebSite","@id":"https:\/\/www.accent-social.cat\/#website","url":"https:\/\/www.accent-social.cat\/","name":"Accent Social | Serveis d'Atenci\u00f3 Domicili\u00e0ria (SAD) i centres col\u00b7lectius","description":"Serveis d&#039;Atenci\u00f3 Domicili\u00e0ria i centres de dia a Barcelona. Gesti\u00f3 de serveis socials i per a la gent gran.","publisher":{"@id":"https:\/\/www.accent-social.cat\/#organization"},"potentialAction":[{"@type":"SearchAction","target":{"@type":"EntryPoint","urlTemplate":"https:\/\/www.accent-social.cat\/?s={search_term_string}"},"query-input":{"@type":"PropertyValueSpecification","valueRequired":true,"valueName":"search_term_string"}}],"inLanguage":"es"},{"@type":"Organization","@id":"https:\/\/www.accent-social.cat\/#organization","name":"Accent Social","url":"https:\/\/www.accent-social.cat\/","logo":{"@type":"ImageObject","inLanguage":"es","@id":"https:\/\/www.accent-social.cat\/#\/schema\/logo\/image\/","url":"https:\/\/www.accent-social.cat\/wp-content\/uploads\/2017\/09\/Logo-Accent-Social.jpg","contentUrl":"https:\/\/www.accent-social.cat\/wp-content\/uploads\/2017\/09\/Logo-Accent-Social.jpg","width":512,"height":512,"caption":"Accent Social"},"image":{"@id":"https:\/\/www.accent-social.cat\/#\/schema\/logo\/image\/"},"sameAs":["https:\/\/www.facebook.com\/accentsocial","https:\/\/x.com\/accentsocial_","http:\/\/www.instagram.com\/accentsocial","https:\/\/www.linkedin.com\/company\/accent-social\/","https:\/\/www.crunchbase.com\/organization\/accent-social","https:\/\/www.hotfrog.es\/empresa\/barcelona\/barcelona\/accent-social","https:\/\/www.youtube.com\/channel\/UCBRsmX50gP0nPuAb5rPfr2g"]}]}},"description":{"rendered":"<p class=\"attachment\"><a href='https:\/\/www.accent-social.cat\/wp-content\/uploads\/2018\/12\/Comprom\u00eds-ambiental-entre-Accent-Social-i-Rezero.jpg'><img loading=\"lazy\" decoding=\"async\" width=\"300\" height=\"198\" src=\"https:\/\/www.accent-social.cat\/wp-content\/uploads\/2018\/12\/Comprom\u00eds-ambiental-entre-Accent-Social-i-Rezero-300x198.jpg\" class=\"attachment-medium size-medium\" alt=\"Reducci\u00f3 de residus i comprom\u00eds ambiental entre Accent Social i Rezero\" srcset=\"https:\/\/www.accent-social.cat\/wp-content\/uploads\/2018\/12\/Comprom\u00eds-ambiental-entre-Accent-Social-i-Rezero-300x198.jpg 300w, https:\/\/www.accent-social.cat\/wp-content\/uploads\/2018\/12\/Comprom\u00eds-ambiental-entre-Accent-Social-i-Rezero-768x507.jpg 768w, https:\/\/www.accent-social.cat\/wp-content\/uploads\/2018\/12\/Comprom\u00eds-ambiental-entre-Accent-Social-i-Rezero-221x146.jpg 221w, https:\/\/www.accent-social.cat\/wp-content\/uploads\/2018\/12\/Comprom\u00eds-ambiental-entre-Accent-Social-i-Rezero-50x33.jpg 50w, https:\/\/www.accent-social.cat\/wp-content\/uploads\/2018\/12\/Comprom\u00eds-ambiental-entre-Accent-Social-i-Rezero-114x75.jpg 114w, https:\/\/www.accent-social.cat\/wp-content\/uploads\/2018\/12\/Comprom\u00eds-ambiental-entre-Accent-Social-i-Rezero.jpg 1000w\" sizes=\"auto, (max-width:767px) 300px, 300px\" \/><\/a><\/p>\n<p>Reducci\u00f3 de residus i comprom\u00eds ambiental entre Accent Social i Rezero<\/p>\n"},"caption":{"rendered":"<p>Reducci\u00f3 de residus i comprom\u00eds ambiental entre Accent Social i Rezero<\/p>\n"},"alt_text":"Reducci\u00f3 de residus i comprom\u00eds ambiental entre Accent Social i Rezero","media_type":"image","mime_type":"image\/jpeg","media_details":{"width":1000,"height":660,"file":"2018\/12\/Comprom\u00eds-ambiental-entre-Accent-Social-i-Rezero.jpg","sizes":{"thumbnail":{"file":"Comprom\u00eds-ambiental-entre-Accent-Social-i-Rezero-150x150.jpg","width":150,"height":150,"mime_type":"image\/jpeg","source_url":"https:\/\/www.accent-social.cat\/wp-content\/uploads\/2018\/12\/Comprom\u00eds-ambiental-entre-Accent-Social-i-Rezero-150x150.jpg"},"medium":{"file":"Comprom\u00eds-ambiental-entre-Accent-Social-i-Rezero-300x198.jpg","width":300,"height":198,"mime_type":"image\/jpeg","source_url":"https:\/\/www.accent-social.cat\/wp-content\/uploads\/2018\/12\/Comprom\u00eds-ambiental-entre-Accent-Social-i-Rezero-300x198.jpg"},"medium_large":{"file":"Comprom\u00eds-ambiental-entre-Accent-Social-i-Rezero-768x507.jpg","width":768,"height":507,"mime_type":"image\/jpeg","source_url":"https:\/\/www.accent-social.cat\/wp-content\/uploads\/2018\/12\/Comprom\u00eds-ambiental-entre-Accent-Social-i-Rezero-768x507.jpg"},"post-thumbnail":{"file":"Comprom\u00eds-ambiental-entre-Accent-Social-i-Rezero-221x146.jpg","width":221,"height":146,"mime_type":"image\/jpeg","source_url":"https:\/\/www.accent-social.cat\/wp-content\/uploads\/2018\/12\/Comprom\u00eds-ambiental-entre-Accent-Social-i-Rezero-221x146.jpg"},"50x50":{"file":"Comprom\u00eds-ambiental-entre-Accent-Social-i-Rezero-50x33.jpg","width":50,"height":33,"mime_type":"image\/jpeg","source_url":"https:\/\/www.accent-social.cat\/wp-content\/uploads\/2018\/12\/Comprom\u00eds-ambiental-entre-Accent-Social-i-Rezero-50x33.jpg"},"clients-slider":{"file":"Comprom\u00eds-ambiental-entre-Accent-Social-i-Rezero-114x75.jpg","width":114,"height":75,"mime_type":"image\/jpeg","source_url":"https:\/\/www.accent-social.cat\/wp-content\/uploads\/2018\/12\/Comprom\u00eds-ambiental-entre-Accent-Social-i-Rezero-114x75.jpg"},"testimonials":{"file":"Comprom\u00eds-ambiental-entre-Accent-Social-i-Rezero-85x85.jpg","width":85,"height":85,"mime_type":"image\/jpeg","source_url":"https:\/\/www.accent-social.cat\/wp-content\/uploads\/2018\/12\/Comprom\u00eds-ambiental-entre-Accent-Social-i-Rezero-85x85.jpg"},"blog-navi":{"file":"Comprom\u00eds-ambiental-entre-Accent-Social-i-Rezero-80x80.jpg","width":80,"height":80,"mime_type":"image\/jpeg","source_url":"https:\/\/www.accent-social.cat\/wp-content\/uploads\/2018\/12\/Comprom\u00eds-ambiental-entre-Accent-Social-i-Rezero-80x80.jpg"},"portfolio-mf-w":{"file":"Comprom\u00eds-ambiental-entre-Accent-Social-i-Rezero-1000x500.jpg","width":1000,"height":500,"mime_type":"image\/jpeg","source_url":"https:\/\/www.accent-social.cat\/wp-content\/uploads\/2018\/12\/Comprom\u00eds-ambiental-entre-Accent-Social-i-Rezero-1000x500.jpg"},"portfolio-mf-t":{"file":"Comprom\u00eds-ambiental-entre-Accent-Social-i-Rezero-768x660.jpg","width":768,"height":660,"mime_type":"image\/jpeg","source_url":"https:\/\/www.accent-social.cat\/wp-content\/uploads\/2018\/12\/Comprom\u00eds-ambiental-entre-Accent-Social-i-Rezero-768x660.jpg"},"blog-portfolio":{"file":"Comprom\u00eds-ambiental-entre-Accent-Social-i-Rezero-960x660.jpg","width":960,"height":660,"mime_type":"image\/jpeg","source_url":"https:\/\/www.accent-social.cat\/wp-content\/uploads\/2018\/12\/Comprom\u00eds-ambiental-entre-Accent-Social-i-Rezero-960x660.jpg"},"blog-single":{"file":"Comprom\u00eds-ambiental-entre-Accent-Social-i-Rezero-1000x480.jpg","width":1000,"height":480,"mime_type":"image\/jpeg","source_url":"https:\/\/www.accent-social.cat\/wp-content\/uploads\/2018\/12\/Comprom\u00eds-ambiental-entre-Accent-Social-i-Rezero-1000x480.jpg"},"full":{"file":"Comprom\u00eds-ambiental-entre-Accent-Social-i-Rezero.jpg","width":1000,"height":660,"mime_type":"image\/jpeg","source_url":"https:\/\/www.accent-social.cat\/wp-content\/uploads\/2018\/12\/Comprom\u00eds-ambiental-entre-Accent-Social-i-Rezero.jpg"}},"image_meta":{"aperture":"0","credit":"","camera":"","caption":"","created_timestamp":"0","copyright":"","focal_length":"0","iso":"0","shutter_speed":"0","title":"","orientation":"0","keywords":[]}},"post":11500,"source_url":"https:\/\/www.accent-social.cat\/wp-content\/uploads\/2018\/12\/Comprom\u00eds-ambiental-entre-Accent-Social-i-Rezero.jpg","_links":{"self":[{"href":"https:\/\/www.accent-social.cat\/es\/wp-json\/wp\/v2\/media\/11497","targetHints":{"allow":["GET"]}}],"collection":[{"href":"https:\/\/www.accent-social.cat\/es\/wp-json\/wp\/v2\/media"}],"about":[{"href":"https:\/\/www.accent-social.cat\/es\/wp-json\/wp\/v2\/types\/attachment"}],"author":[{"embeddable":true,"href":"https:\/\/www.accent-social.cat\/es\/wp-json\/wp\/v2\/users\/1"}],"replies":[{"embeddable":true,"href":"https:\/\/www.accent-social.cat\/es\/wp-json\/wp\/v2\/comments?post=11497"}],"wp:attached-to":[{"embeddable":true,"post_type":"post","id":11500,"href":"https:\/\/www.accent-social.cat\/es\/wp-json\/wp\/v2\/posts\/11500"}],"curies":[{"name":"wp","href":"https:\/\/api.w.org\/{rel}","templated":true}]}}